{"id":64,"date":"2019-10-02T22:41:16","date_gmt":"2019-10-02T22:41:16","guid":{"rendered":"https:\/\/lb-fertigungsservice.de\/wp\/?page_id=64"},"modified":"2021-01-29T10:24:29","modified_gmt":"2021-01-29T10:24:29","slug":"abarth-500","status":"publish","type":"page","link":"https:\/\/lb-fertigungsservice.de\/?page_id=64","title":{"rendered":"Abarth 500"},"content":{"rendered":"\n<div class=\"wp-block-cover alignwide has-background-dim has-parallax\" style=\"background-image:url(https:\/\/lb-fertigungsservice.de\/wp-content\/uploads\/2019\/10\/3603384306_facafd5ebb_b.jpg)\"><div class=\"wp-block-cover__inner-container is-layout-flow wp-block-cover-is-layout-flow\">\n<p class=\"has-text-align-center has-large-font-size\"><strong>Abarth 500<\/strong><\/p>\n\n\n\n<p class=\"has-text-align-center has-medium-font-size\">\u2022 Sitzschienen f\u00fcr Sabelt- &amp; Sportsitze <br>\u2022 Fahrwerksstreben<br>\u2022Lenkradverl\u00e4ngerung<\/p>\n<\/div><\/div>\n\n\n\n<div class=\"wp-block-columns has-3-columns is-layout-flex wp-container-core-columns-is-layout-1 wp-block-columns-is-layout-flex\">\n<div class=\"wp-block-column is-layout-flow wp-block-column-is-layout-flow\"><\/div>\n\n\n\n<div class=\"wp-block-column is-layout-flow wp-block-column-is-layout-flow\"><\/div>\n\n\n\n<div class=\"wp-block-column is-layout-flow wp-block-column-is-layout-flow\"><\/div>\n<\/div>\n\n\n\n<figure class=\"wp-block-image alignwide size-large is-style-default\"><img loading=\"lazy\" decoding=\"async\" width=\"1024\" height=\"267\" src=\"https:\/\/lb-fertigungsservice.de\/wp-content\/uploads\/2021\/01\/headerabarth-1-1024x267.png\" alt=\"\" class=\"wp-image-368\" srcset=\"https:\/\/lb-fertigungsservice.de\/wp-content\/uploads\/2021\/01\/headerabarth-1-1024x267.png 1024w, https:\/\/lb-fertigungsservice.de\/wp-content\/uploads\/2021\/01\/headerabarth-1-300x78.png 300w, https:\/\/lb-fertigungsservice.de\/wp-content\/uploads\/2021\/01\/headerabarth-1-768x200.png 768w, https:\/\/lb-fertigungsservice.de\/wp-content\/uploads\/2021\/01\/headerabarth-1.png 1521w\" sizes=\"auto, (max-width: 1024px) 100vw, 1024px\" \/><\/figure>\n\n\n\n<div style=\"height:60px\" aria-hidden=\"true\" class=\"wp-block-spacer\"><\/div>\n\n\n\n<figure class=\"wp-block-image size-large\" id=\"sitzschiene\"><img loading=\"lazy\" decoding=\"async\" width=\"582\" height=\"75\" src=\"https:\/\/lb-fertigungsservice.de\/wp-content\/uploads\/2021\/01\/Headerbutton.png\" alt=\"\" class=\"wp-image-359\" srcset=\"https:\/\/lb-fertigungsservice.de\/wp-content\/uploads\/2021\/01\/Headerbutton.png 582w, https:\/\/lb-fertigungsservice.de\/wp-content\/uploads\/2021\/01\/Headerbutton-300x39.png 300w\" sizes=\"auto, (max-width: 582px) 100vw, 582px\" \/><\/figure>\n\n\n\n<div class=\"wp-block-columns is-layout-flex wp-container-core-columns-is-layout-2 wp-block-columns-is-layout-flex\">\n<div class=\"wp-block-column is-vertically-aligned-top is-layout-flow wp-block-column-is-layout-flow\" style=\"flex-basis:50%\">\n<ul class=\"wp-block-list\" id=\"block-332c3bce-26c2-405b-8ea6-d7508d2a00c7\"><li>F\u00fcr alle Fiat Abarth 500 geeignet<\/li><li>Aus eigener Fertigung<\/li><li>Tieferlegung des Fahrer- und Beifahrersitzes<\/li><li>Reduzierung der Sitzh\u00f6he um circa 23mm<\/li><li>Verschiebung der Sitzfl\u00e4che um weitere 20mm nach hinten (nur Sabelt)<\/li><li>Einbauanleitung auf Anfrage (nur Sabelt)<\/li><li>Einbau in unserem Werk m\u00f6glich<\/li><\/ul>\n\n\n\n<figure class=\"wp-block-image size-large is-resized is-style-default\"><img loading=\"lazy\" decoding=\"async\" src=\"https:\/\/lb-fertigungsservice.de\/wp-content\/uploads\/2021\/01\/sitzschiene-1024x808.png\" alt=\"\" class=\"wp-image-375\" width=\"446\" height=\"351\" srcset=\"https:\/\/lb-fertigungsservice.de\/wp-content\/uploads\/2021\/01\/sitzschiene-1024x808.png 1024w, https:\/\/lb-fertigungsservice.de\/wp-content\/uploads\/2021\/01\/sitzschiene-300x237.png 300w, https:\/\/lb-fertigungsservice.de\/wp-content\/uploads\/2021\/01\/sitzschiene-768x606.png 768w, https:\/\/lb-fertigungsservice.de\/wp-content\/uploads\/2021\/01\/sitzschiene-1536x1211.png 1536w, https:\/\/lb-fertigungsservice.de\/wp-content\/uploads\/2021\/01\/sitzschiene-2048x1615.png 2048w\" sizes=\"auto, (max-width: 446px) 100vw, 446px\" \/><\/figure>\n\n\n\n<p><\/p>\n<\/div>\n\n\n\n<div class=\"wp-block-column is-vertically-aligned-top is-layout-flow wp-block-column-is-layout-flow\">\n<div class=\"wp-block-image\"><figure class=\"aligncenter size-large is-resized\"><img loading=\"lazy\" decoding=\"async\" src=\"https:\/\/lb-fertigungsservice.de\/wp-content\/uploads\/2021\/01\/Sabeltsitz-1-645x1024.png\" alt=\"\" class=\"wp-image-374\" width=\"329\" height=\"521\" srcset=\"https:\/\/lb-fertigungsservice.de\/wp-content\/uploads\/2021\/01\/Sabeltsitz-1-645x1024.png 645w, https:\/\/lb-fertigungsservice.de\/wp-content\/uploads\/2021\/01\/Sabeltsitz-1-189x300.png 189w, https:\/\/lb-fertigungsservice.de\/wp-content\/uploads\/2021\/01\/Sabeltsitz-1-768x1219.png 768w, https:\/\/lb-fertigungsservice.de\/wp-content\/uploads\/2021\/01\/Sabeltsitz-1-968x1536.png 968w, https:\/\/lb-fertigungsservice.de\/wp-content\/uploads\/2021\/01\/Sabeltsitz-1-1291x2048.png 1291w, https:\/\/lb-fertigungsservice.de\/wp-content\/uploads\/2021\/01\/Sabeltsitz-1.png 1880w\" sizes=\"auto, (max-width: 329px) 100vw, 329px\" \/><\/figure><\/div>\n\n\n\n<p><\/p>\n<\/div>\n<\/div>\n\n\n\n<div style=\"height:60px\" aria-hidden=\"true\" class=\"wp-block-spacer\"><\/div>\n\n\n\n<figure class=\"wp-block-image size-large\" id=\"fahrwerksstrebe\"><img loading=\"lazy\" decoding=\"async\" width=\"582\" height=\"74\" src=\"https:\/\/lb-fertigungsservice.de\/wp-content\/uploads\/2021\/01\/Headerbutton-Streben.png\" alt=\"\" class=\"wp-image-361\" srcset=\"https:\/\/lb-fertigungsservice.de\/wp-content\/uploads\/2021\/01\/Headerbutton-Streben.png 582w, https:\/\/lb-fertigungsservice.de\/wp-content\/uploads\/2021\/01\/Headerbutton-Streben-300x38.png 300w\" sizes=\"auto, (max-width: 582px) 100vw, 582px\" \/><\/figure>\n\n\n\n<div class=\"wp-block-columns is-layout-flex wp-container-core-columns-is-layout-3 wp-block-columns-is-layout-flex\">\n<div class=\"wp-block-column is-vertically-aligned-top is-layout-flow wp-block-column-is-layout-flow\" style=\"flex-basis:50%\">\n<ul class=\"wp-block-list\" id=\"block-c5deff7a-a5f3-48d7-8b97-9aa432df7dbd\"><li>in den RAL Farben Gelb, Wei\u00df, Rot, Schwarz<\/li><li>weitere Farben auf Anfrage<\/li><li>Bezahlung per Paypal oder \u00dcberweisung m\u00f6glich<\/li><li>einfacher Einbau<\/li><li>die &#8222;Abarth&#8220;-H\u00fclse ist aktuell nicht mehr verf\u00fcgbar<\/li><\/ul>\n\n\n\n<figure class=\"wp-block-image size-large is-resized\"><img loading=\"lazy\" decoding=\"async\" src=\"https:\/\/lb-fertigungsservice.de\/wp-content\/uploads\/2021\/01\/Fahrwerksstreben-abarth-1024x682.png\" alt=\"\" class=\"wp-image-383\" width=\"768\" height=\"512\" srcset=\"https:\/\/lb-fertigungsservice.de\/wp-content\/uploads\/2021\/01\/Fahrwerksstreben-abarth-1024x682.png 1024w, https:\/\/lb-fertigungsservice.de\/wp-content\/uploads\/2021\/01\/Fahrwerksstreben-abarth-300x200.png 300w, https:\/\/lb-fertigungsservice.de\/wp-content\/uploads\/2021\/01\/Fahrwerksstreben-abarth-768x512.png 768w, https:\/\/lb-fertigungsservice.de\/wp-content\/uploads\/2021\/01\/Fahrwerksstreben-abarth.png 1438w\" sizes=\"auto, (max-width: 768px) 100vw, 768px\" \/><\/figure>\n\n\n\n<p><\/p>\n<\/div>\n\n\n\n<div class=\"wp-block-column is-vertically-aligned-top is-layout-flow wp-block-column-is-layout-flow\">\n<div class=\"wp-block-image\"><figure class=\"alignright size-large is-resized\"><img loading=\"lazy\" decoding=\"async\" src=\"https:\/\/lb-fertigungsservice.de\/wp-content\/uploads\/2021\/01\/Fahrwerksstreben.png\" alt=\"\" class=\"wp-image-379\" width=\"309\" height=\"344\" srcset=\"https:\/\/lb-fertigungsservice.de\/wp-content\/uploads\/2021\/01\/Fahrwerksstreben.png 618w, https:\/\/lb-fertigungsservice.de\/wp-content\/uploads\/2021\/01\/Fahrwerksstreben-270x300.png 270w\" sizes=\"auto, (max-width: 309px) 100vw, 309px\" \/><\/figure><\/div>\n\n\n\n<p><\/p>\n<\/div>\n<\/div>\n\n\n\n<div class=\"wp-block-columns has-2-columns is-layout-flex wp-container-core-columns-is-layout-4 wp-block-columns-is-layout-flex\">\n<div class=\"wp-block-column is-layout-flow wp-block-column-is-layout-flow\">\n<div style=\"height:60px\" aria-hidden=\"true\" class=\"wp-block-spacer\"><\/div>\n<\/div>\n\n\n\n<div class=\"wp-block-column is-layout-flow wp-block-column-is-layout-flow\">\n<p><\/p>\n<\/div>\n<\/div>\n\n\n\n<figure class=\"wp-block-image size-large\" id=\"lenkradverlangerung\"><img loading=\"lazy\" decoding=\"async\" width=\"582\" height=\"78\" src=\"https:\/\/lb-fertigungsservice.de\/wp-content\/uploads\/2021\/01\/Headerbutton-lenkrad.png\" alt=\"\" class=\"wp-image-363\" srcset=\"https:\/\/lb-fertigungsservice.de\/wp-content\/uploads\/2021\/01\/Headerbutton-lenkrad.png 582w, https:\/\/lb-fertigungsservice.de\/wp-content\/uploads\/2021\/01\/Headerbutton-lenkrad-300x40.png 300w\" sizes=\"auto, (max-width: 582px) 100vw, 582px\" \/><\/figure>\n\n\n\n<div class=\"wp-block-columns is-layout-flex wp-container-core-columns-is-layout-5 wp-block-columns-is-layout-flex\">\n<div class=\"wp-block-column is-vertically-aligned-top is-layout-flow wp-block-column-is-layout-flow\" style=\"flex-basis:50%\">\n<ul class=\"wp-block-list\" id=\"block-ba833637-6457-47ba-aa73-696191d2a26a\"><li>in matt-schwarz oder alcantara<\/li><li>Distanzerweiterung von 5,7 cm<\/li><li>Selbsteinbau m\u00f6glich<\/li><li>Airbag bleibt weiterhin vorhanden<\/li><li>keine Kabelverl\u00e4ngerung notwendig<\/li><\/ul>\n\n\n\n<p><\/p>\n\n\n\n<figure class=\"wp-block-image size-large is-resized\"><img loading=\"lazy\" decoding=\"async\" src=\"https:\/\/lb-fertigungsservice.de\/wp-content\/uploads\/2021\/01\/lenkradverlangerung-schwarz.png\" alt=\"\" class=\"wp-image-387\" width=\"451\" height=\"435\" srcset=\"https:\/\/lb-fertigungsservice.de\/wp-content\/uploads\/2021\/01\/lenkradverlangerung-schwarz.png 601w, https:\/\/lb-fertigungsservice.de\/wp-content\/uploads\/2021\/01\/lenkradverlangerung-schwarz-300x290.png 300w\" sizes=\"auto, (max-width: 451px) 100vw, 451px\" \/><\/figure>\n\n\n\n<figure class=\"wp-block-image size-large is-resized is-style-default\"><img loading=\"lazy\" decoding=\"async\" src=\"https:\/\/lb-fertigungsservice.de\/wp-content\/uploads\/2021\/01\/lenkradverlangerung-alcantara-lenkrad.png\" alt=\"\" class=\"wp-image-390\" width=\"632\" height=\"518\" srcset=\"https:\/\/lb-fertigungsservice.de\/wp-content\/uploads\/2021\/01\/lenkradverlangerung-alcantara-lenkrad.png 843w, https:\/\/lb-fertigungsservice.de\/wp-content\/uploads\/2021\/01\/lenkradverlangerung-alcantara-lenkrad-300x246.png 300w, https:\/\/lb-fertigungsservice.de\/wp-content\/uploads\/2021\/01\/lenkradverlangerung-alcantara-lenkrad-768x630.png 768w\" sizes=\"auto, (max-width: 632px) 100vw, 632px\" \/><\/figure>\n<\/div>\n\n\n\n<div class=\"wp-block-column is-vertically-aligned-top is-layout-flow wp-block-column-is-layout-flow\">\n<div class=\"wp-block-image\"><figure class=\"aligncenter size-large is-resized\"><img loading=\"lazy\" decoding=\"async\" src=\"https:\/\/lb-fertigungsservice.de\/wp-content\/uploads\/2021\/01\/lenkradverlangerung-schwarz-lenkrad.png\" alt=\"\" class=\"wp-image-388\" width=\"421\" height=\"391\" srcset=\"https:\/\/lb-fertigungsservice.de\/wp-content\/uploads\/2021\/01\/lenkradverlangerung-schwarz-lenkrad.png 561w, https:\/\/lb-fertigungsservice.de\/wp-content\/uploads\/2021\/01\/lenkradverlangerung-schwarz-lenkrad-300x279.png 300w\" sizes=\"auto, (max-width: 421px) 100vw, 421px\" \/><\/figure><\/div>\n\n\n\n<figure class=\"wp-block-image size-large is-resized\"><img loading=\"lazy\" decoding=\"async\" src=\"https:\/\/lb-fertigungsservice.de\/wp-content\/uploads\/2021\/01\/lenkradverlangerung-alcantara.png\" alt=\"\" class=\"wp-image-389\" width=\"487\" height=\"476\" srcset=\"https:\/\/lb-fertigungsservice.de\/wp-content\/uploads\/2021\/01\/lenkradverlangerung-alcantara.png 973w, https:\/\/lb-fertigungsservice.de\/wp-content\/uploads\/2021\/01\/lenkradverlangerung-alcantara-300x294.png 300w, https:\/\/lb-fertigungsservice.de\/wp-content\/uploads\/2021\/01\/lenkradverlangerung-alcantara-768x751.png 768w\" sizes=\"auto, (max-width: 487px) 100vw, 487px\" \/><\/figure>\n<\/div>\n<\/div>\n\n\n\n<div style=\"height:20px\" aria-hidden=\"true\" class=\"wp-block-spacer\"><\/div>\n\n\n\n<div class=\"wp-block-button aligncenter\"><a class=\"wp-block-button__link\" href=\"?page_id=61\">Kontaktieren Sie uns<\/a><\/div>\n\n\n\n<div style=\"height:20px\" aria-hidden=\"true\" class=\"wp-block-spacer\"><\/div>\n\n\n\n<p><\/p>\n","protected":false},"excerpt":{"rendered":"<p>F\u00fcr alle Fiat Abarth 500 geeignet Aus eigener Fertigung Tieferlegung des Fahrer- und Beifahrersitzes Reduzierung der Sitzh\u00f6he um circa 23mm Verschiebung der Sitzfl\u00e4che um weitere 20mm nach hinten (nur Sabelt) Einbauanleitung auf Anfrage (nur Sabelt) Einbau in unserem Werk m\u00f6glich in den RAL Farben Gelb, Wei\u00df, Rot, Schwarz weitere Farben auf Anfrage Bezahlung per Paypal &#8230; <a title=\"Abarth 500\" class=\"read-more\" href=\"https:\/\/lb-fertigungsservice.de\/?page_id=64\" aria-label=\"Mehr Informationen \u00fcber Abarth 500\">Weiterlesen<\/a><\/p>\n","protected":false},"author":1,"featured_media":0,"parent":0,"menu_order":0,"comment_status":"closed","ping_status":"closed","template":"","meta":{"footnotes":""},"class_list":["post-64","page","type-page","status-publish"],"_links":{"self":[{"href":"https:\/\/lb-fertigungsservice.de\/index.php?rest_route=\/wp\/v2\/pages\/64","targetHints":{"allow":["GET"]}}],"collection":[{"href":"https:\/\/lb-fertigungsservice.de\/index.php?rest_route=\/wp\/v2\/pages"}],"about":[{"href":"https:\/\/lb-fertigungsservice.de\/index.php?rest_route=\/wp\/v2\/types\/page"}],"author":[{"embeddable":true,"href":"https:\/\/lb-fertigungsservice.de\/index.php?rest_route=\/wp\/v2\/users\/1"}],"replies":[{"embeddable":true,"href":"https:\/\/lb-fertigungsservice.de\/index.php?rest_route=%2Fwp%2Fv2%2Fcomments&post=64"}],"version-history":[{"count":41,"href":"https:\/\/lb-fertigungsservice.de\/index.php?rest_route=\/wp\/v2\/pages\/64\/revisions"}],"predecessor-version":[{"id":391,"href":"https:\/\/lb-fertigungsservice.de\/index.php?rest_route=\/wp\/v2\/pages\/64\/revisions\/391"}],"wp:attachment":[{"href":"https:\/\/lb-fertigungsservice.de\/index.php?rest_route=%2Fwp%2Fv2%2Fmedia&parent=64"}],"curies":[{"name":"wp","href":"https:\/\/api.w.org\/{rel}","templated":true}]}}